{"id":354,"date":"2024-11-01T19:26:24","date_gmt":"2024-11-01T22:26:24","guid":{"rendered":"https:\/\/comentandonline.com\/?page_id=354"},"modified":"2026-02-12T18:59:51","modified_gmt":"2026-02-12T21:59:51","slug":"sobre","status":"publish","type":"page","link":"https:\/\/comentandonline.com\/?page_id=354","title":{"rendered":"Sobre"},"content":{"rendered":"\n<div class=\"wp-block-group alignfull has-small-font-size has-global-padding is-content-justification-center is-layout-constrained wp-container-core-group-is-layout-df757ecc wp-block-group-is-layout-constrained\" style=\"margin-top:0;margin-bottom:0;padding-top:calc( 0.5 * var(--wp--style--root--padding-right, var(--wp--custom--gap--horizontal)));padding-right:var(--wp--style--root--padding-right, var(--wp--custom--gap--horizontal));padding-bottom:calc( 0.5 * var(--wp--style--root--padding-right, var(--wp--custom--gap--horizontal)));padding-left:var(--wp--style--root--padding-left, var(--wp--custom--gap--horizontal))\">\n<div style=\"height:calc( 0.25 * var(--wp--style--root--padding-right, var(--wp--custom--gap--horizontal)))\" aria-hidden=\"true\" class=\"wp-block-spacer\"><\/div>\n\n\n\n<div class=\"wp-block-media-text alignfull has-media-on-the-right is-stacked-on-mobile has-primary-color has-text-color has-background has-link-color wp-elements-98690745767551de55368f63521df9fc\" style=\"background-color:#f0e9e9;font-size:0.3rem;grid-template-columns:auto 46%\"><div class=\"wp-block-media-text__content\">\n<p class=\"has-text-align-justify has-primary-color has-text-color has-link-color wp-elements-e2911e26fbef7ce3b42d9933fd7baa8d\" style=\"font-size:clamp(0.875rem, 0.875rem + ((1vw - 0.2rem) * 0.577), 1.24rem);\">Ol\u00e1!<br>Sou <strong>Regel<\/strong>, natural de Paramirim &#8211; BA, graduado em <strong>Comunica\u00e7\u00e3o Social &#8211; R\u00e1dio e TV <\/strong>pela <strong>UNEB &#8211; CAMPUS XIV<\/strong> e p\u00f3s-graduado em: <strong>Marketing Digital<\/strong> e <strong>Assessoria e Gest\u00e3o da Comunica\u00e7\u00e3o<\/strong>. E, atualmente, estou concluindo outra p\u00f3s em <strong>Jornalismo Esportivo<\/strong>.<br>Sou <strong>Produtor cultural<\/strong> pelo <strong>Cria Bahia Criativa<\/strong> &#8211; curso promovido pelo <strong>Laborat\u00f3rio de Economia Criativa da Bahia<\/strong> atrav\u00e9s da <strong>Secretaria de Cultura<\/strong> do estado da <strong>Bahia<\/strong>. Al\u00e9m do curso profissionalizante em <strong>Turismo<\/strong> pelo <strong>CEPED Cursos<\/strong> &#8211; PR.<br><br><strong>EXPERI\u00caNCIAS PROFISSIONAIS:<\/strong><br><strong><strong>AUDIOVISUAIS<\/strong><\/strong>:<strong>&nbsp;<\/strong><br>Longa-metragem: <strong>Sisal \u2013 Hist\u00f3rias de Fibras<\/strong> (capta\u00e7\u00e3o de \u00e1udio).<br>Document\u00e1rio: <strong>Desigualdade de G\u00eanero \u2013 uma imposi\u00e7\u00e3o social<\/strong> (produ\u00e7\u00e3o e dire\u00e7\u00e3o de fotografia).<br>Diretor e roteirista do <strong>EPIS\u00d3DIO PILOTO<\/strong> da <strong>Web s\u00e9rie<\/strong>: <strong>UM SONHO NUNCA ACABA ANTES DE N\u00d3S<\/strong>.<br><strong>V\u00eddeo chamada do III Simp\u00f3sio Nacional de R\u00e1dio &#8211;<\/strong> UNEB &#8211; Campus XIV.<br><strong>Curta-metragem (filme de bolso) &#8211;<\/strong> a desigualdade social e econ\u00f4mica.<br><br><strong>SONORAS<\/strong>:<br><strong>Marcas do Tempo &#8211; Um Podcast sobre a Migra\u00e7\u00e3o Nordestina<\/strong>.<\/p>\n<\/div><figure class=\"wp-block-media-text__media\"><img data-recalc-dims=\"1\" loading=\"lazy\" decoding=\"async\" width=\"523\" height=\"744\" data-attachment-id=\"591\" data-permalink=\"https:\/\/comentandonline.com\/?attachment_id=591\" data-orig-file=\"https:\/\/i0.wp.com\/comentandonline.com\/wp-content\/uploads\/2025\/06\/GLOBO-ADS-NOVA-FOTO-e1750092872728.png?fit=523%2C744&amp;ssl=1\" data-orig-size=\"523,744\" data-comments-opened=\"1\" data-image-meta=\"{&quot;aperture&quot;:&quot;0&quot;,&quot;credit&quot;:&quot;&quot;,&quot;camera&quot;:&quot;&quot;,&quot;caption&quot;:&quot;&quot;,&quot;created_timestamp&quot;:&quot;0&quot;,&quot;copyright&quot;:&quot;&quot;,&quot;focal_length&quot;:&quot;0&quot;,&quot;iso&quot;:&quot;0&quot;,&quot;shutter_speed&quot;:&quot;0&quot;,&quot;title&quot;:&quot;&quot;,&quot;orientation&quot;:&quot;0&quot;}\" data-image-title=\"GLOBO ADS NOVA FOTO\" data-image-description=\"\" data-image-caption=\"\" data-large-file=\"https:\/\/i0.wp.com\/comentandonline.com\/wp-content\/uploads\/2025\/06\/GLOBO-ADS-NOVA-FOTO-e1750092872728.png?fit=523%2C744&amp;ssl=1\" src=\"https:\/\/i0.wp.com\/comentandonline.com\/wp-content\/uploads\/2025\/06\/GLOBO-ADS-NOVA-FOTO-e1750092872728.png?resize=523%2C744&#038;ssl=1\" alt=\"\" class=\"wp-image-591 size-full\" srcset=\"https:\/\/i0.wp.com\/comentandonline.com\/wp-content\/uploads\/2025\/06\/GLOBO-ADS-NOVA-FOTO-e1750092872728.png?w=523&amp;ssl=1 523w, https:\/\/i0.wp.com\/comentandonline.com\/wp-content\/uploads\/2025\/06\/GLOBO-ADS-NOVA-FOTO-e1750092872728.png?resize=211%2C300&amp;ssl=1 211w\" sizes=\"auto, (max-width: 523px) 100vw, 523px\" \/><\/figure><\/div>\n<\/div>\n\n\n\n<div class=\"wp-block-group alignfull has-global-padding is-content-justification-center is-layout-constrained wp-container-core-group-is-layout-df757ecc wp-block-group-is-layout-constrained has-background\" style=\"margin-top:0;margin-bottom:0;padding-top:calc( 0.5 * var(--wp--style--root--padding-right, var(--wp--custom--gap--horizontal)));padding-right:var(--wp--style--root--padding-right, var(--wp--custom--gap--horizontal));padding-bottom:calc( 0.5 * var(--wp--style--root--padding-right, var(--wp--custom--gap--horizontal)));padding-left:var(--wp--style--root--padding-left, var(--wp--custom--gap--horizontal));background-image:url(&apos;https:\/\/comentandonline.com\/wp-content\/uploads\/2025\/06\/08-CORRECAO-2024-para-os-Blogs-da-Rede-Porto-Producoes-08-e1750093137201.png&apos;);background-position:50% 27%;background-size:cover;\">\n<div class=\"wp-block-group alignwide has-global-padding is-layout-constrained wp-block-group-is-layout-constrained\">\n<h6 class=\"wp-block-heading alignwide has-text-align-left has-x-large-font-size\">\u00c1REAS DE ATUA\u00c7\u00c3O:<br><br><br><br><br><br><br><br><br><br><br><br><br><br><br><br><br><br><br><br><br><\/h6>\n<\/div>\n\n\n\n<div class=\"wp-block-columns alignwide is-layout-flex wp-container-core-columns-is-layout-d0846407 wp-block-columns-is-layout-flex\">\n<div class=\"wp-block-column is-layout-flow wp-block-column-is-layout-flow\">\n<div class=\"wp-block-group has-primary-color has-base-background-color has-text-color has-background has-link-color wp-elements-1ce1c1dc6018a18b9be1883136cdaf6f has-global-padding is-layout-constrained wp-block-group-is-layout-constrained\">\n<h3 class=\"wp-block-heading has-small-font-size\"><br><strong>MARKETING DIGITAL:<\/strong><\/h3>\n\n\n\n<p class=\"has-small-font-size\"><strong>Planejamento de Marketing Digital;<br>SEO;<br>Marketing de Conte\u00fado;<br>Social Media Marketing;<br>Publicidade Paga;<br>An\u00e1lise e M\u00e9tricas;<br>Gest\u00e3o de Leads;<br>V\u00eddeo Marketing;<br>Remarketing;<br>Gest\u00e3o de Crise e Reputa\u00e7\u00e3o Online.<\/strong><br><br><br><br><\/p>\n<\/div>\n\n\n\n<div class=\"wp-block-group has-primary-color has-base-background-color has-text-color has-background has-link-color has-small-font-size wp-elements-08e943ce905ee3fcb2a5ff75ff9549f8 has-global-padding is-layout-constrained wp-block-group-is-layout-constrained\">\n<p><br><strong>PUBLICIDADE E PROPAGANDA:&nbsp;<\/strong><br><br><strong>Cria\u00e7\u00e3o Publicit\u00e1ria;<br>Planejamento Estrat\u00e9gico;<br>Marketing Digital;<br>Branding (Gest\u00e3o de Marcas);<br>Audiovisual;<br>Pesquisa de Mercado<\/strong><br><strong>Comportamento do Consumidor;<br>Promo\u00e7\u00f5es e Merchandising;<br>Reda\u00e7\u00e3o Publicit\u00e1ria (Copywriting);<br>Eventos e Live Marketing;<br>Gest\u00e3o de Relacionamento com o Cliente (CRM);<br>Endomarketing (Marketing Interno);<br>Rela\u00e7\u00f5es P\u00fablicas (RP);<br>Influenciadores e Marketing de Conte\u00fado.<\/strong><br><\/p>\n<\/div>\n<\/div>\n\n\n\n<div class=\"wp-block-column is-layout-flow wp-block-column-is-layout-flow\">\n<div class=\"wp-block-group has-primary-color has-base-background-color has-text-color has-background has-link-color wp-elements-3dbf813f06336224e077564618a4f4b8 has-global-padding is-layout-constrained wp-block-group-is-layout-constrained\">\n<div class=\"wp-block-group has-primary-color has-base-background-color has-text-color has-background has-link-color has-small-font-size wp-elements-2883ff0c22cbbc217090c3d3f3752a0e has-global-padding is-layout-constrained wp-block-group-is-layout-constrained\">\n<h3 class=\"wp-block-heading has-small-font-size\"><br><strong>ASSESSORIA DE COMUNICA\u00c7\u00c3O:<\/strong><\/h3>\n\n\n\n<p><strong>Assessoria de Imprensa;<br>Rela\u00e7\u00f5es P\u00fablicas;<br>Gest\u00e3o de Crises;<br>Comunica\u00e7\u00e3o Interna;<br>Produ\u00e7\u00e3o de Conte\u00fado;<br>Gest\u00e3o de Redes Sociais;<br>Branding e Posicionamento de Marca;<br>Marketing Digital e Rela\u00e7\u00f5es P\u00fablicas Digitais;<br>Monitoramento e An\u00e1lise de M\u00eddia;<br>Eventos e A\u00e7\u00f5es Promocionais;<br>Media Training;<br>Comunica\u00e7\u00e3o Estrat\u00e9gica e Planejamento.<\/strong><br><br><\/p>\n<\/div>\n<\/div>\n\n\n\n<div class=\"wp-block-group has-primary-color has-base-background-color has-text-color has-background has-link-color has-small-font-size wp-elements-04063f86fc2de68a9908d45d0b304751 has-global-padding is-layout-constrained wp-block-group-is-layout-constrained\">\n<p><br><strong>PRODU\u00c7\u00c3O CULTURAL:<\/strong><\/p>\n\n\n\n<p><strong>Gest\u00e3o de Projetos Culturais;<br>Produ\u00e7\u00e3o de Eventos;<br>Curadoria;<br>Assessoria Cultural;<br>Comunica\u00e7\u00e3o e Divulga\u00e7\u00e3o Cultural;<br>Produ\u00e7\u00e3o de Conte\u00fado Cultural;<br>Forma\u00e7\u00e3o e Media\u00e7\u00e3o Cultural;<br>Gest\u00e3o de Espa\u00e7os Culturais;<br>Programa\u00e7\u00e3o Cultural;<br>Produ\u00e7\u00e3o T\u00e9cnica;<br>Licenciamento e Direitos Autorais;<br>Cenografia e Ambienta\u00e7\u00e3o.<\/strong><br><br><br><\/p>\n<\/div>\n<\/div>\n\n\n\n<div class=\"wp-block-column is-layout-flow wp-block-column-is-layout-flow\">\n<div class=\"wp-block-group has-primary-color has-base-background-color has-text-color has-background has-link-color has-small-font-size wp-elements-5512c417fe4f0fc7d4e4ab3302f6292c has-global-padding is-layout-constrained wp-block-group-is-layout-constrained\">\n<h3 class=\"wp-block-heading has-small-font-size\"><br><strong>ARGUMENTO E ROTEIRO:<\/strong><\/h3>\n\n\n\n<p><strong>Dire\u00e7\u00e3o de Roteiro;<br>Adapta\u00e7\u00e3o Liter\u00e1ria;<br>Consultoria e An\u00e1lise de Roteiros;<br>Desenvolvimento de Argumento;<br>Roteiriza\u00e7\u00e3o para: <\/strong><br>Cinema, <br>TV e S\u00e9ries, <br>Document\u00e1rios,<br>Publicidade e Comerciais, <br>Videoclipes, <br>Podcasts e Produ\u00e7\u00f5es Sonoras, <br>Teatro e Performances;<strong><br>Pitch e Apresenta\u00e7\u00e3o de Projetos.<\/strong><br><\/p>\n<\/div>\n\n\n\n<div class=\"wp-block-group has-global-padding is-layout-constrained wp-block-group-is-layout-constrained\">\n<p class=\"has-base-background-color has-background has-small-font-size\"><strong>PRODU\u00c7\u00c3O AUD<strong>I<\/strong>OV<strong>I<\/strong>SUAL E SONORA:<\/strong><br><br><strong>Dire\u00e7\u00e3o;<br><strong>Sound Design &#8211; Multim\u00eddia e Web;<\/strong><br>Locu\u00e7\u00e3o e Dublagem;&nbsp;<br>Podcasts e Programas de R\u00e1dio;<br>Programa\u00e7\u00e3o Radiof\u00f4nica;<br>Trilhas Sonoras;<br>Vinheta Publicit\u00e1ria;&nbsp;<br>Produ\u00e7\u00e3o Executiva;<br>Capta\u00e7\u00e3o de Imagem e \u00e1udio;<br>Dire\u00e7\u00e3o de Fotografia;<br>Edi\u00e7\u00e3o e Montagem;<br>Design de Som;<br>Trilha Sonora.<\/strong><br><\/p>\n<\/div>\n<\/div>\n<\/div>\n\n\n\n<div style=\"height:calc( 0.25 * var(--wp--style--root--padding-right, var(--wp--custom--gap--horizontal)))\" aria-hidden=\"true\" class=\"wp-block-spacer\"><\/div>\n<\/div>\n\n\n\n<div class=\"wp-block-group alignfull has-global-padding is-content-justification-center is-layout-constrained wp-container-core-group-is-layout-df757ecc wp-block-group-is-layout-constrained\" style=\"margin-top:0;margin-bottom:0;padding-top:calc( 0.5 * var(--wp--style--root--padding-right, var(--wp--custom--gap--horizontal)));padding-right:var(--wp--style--root--padding-right, var(--wp--custom--gap--horizontal));padding-bottom:calc( 0.5 * var(--wp--style--root--padding-right, var(--wp--custom--gap--horizontal)));padding-left:var(--wp--style--root--padding-left, var(--wp--custom--gap--horizontal))\">\n<div style=\"height:calc( 0.25 * var(--wp--style--root--padding-right, var(--wp--custom--gap--horizontal)))\" aria-hidden=\"true\" class=\"wp-block-spacer\"><\/div>\n\n\n\n<div class=\"wp-block-columns alignwide is-layout-flex wp-container-core-columns-is-layout-5b525043 wp-block-columns-is-layout-flex\">\n<div class=\"wp-block-column is-layout-flow wp-block-column-is-layout-flow\">\n<h3 class=\"wp-block-heading has-text-align-center has-small-font-size\"><\/h3>\n<\/div>\n\n\n\n<div class=\"wp-block-column is-layout-flow wp-block-column-is-layout-flow\">\n<figure class=\"wp-block-image aligncenter size-full is-resized\"><img data-recalc-dims=\"1\" loading=\"lazy\" decoding=\"async\" width=\"1600\" height=\"1600\" data-attachment-id=\"577\" data-permalink=\"https:\/\/comentandonline.com\/?attachment_id=577\" data-orig-file=\"https:\/\/i0.wp.com\/comentandonline.com\/wp-content\/uploads\/2025\/06\/434225086_993214299045183_1819733281694148600_n.jpg?fit=1600%2C1600&amp;ssl=1\" data-orig-size=\"1600,1600\" data-comments-opened=\"1\" data-image-meta=\"{&quot;aperture&quot;:&quot;0&quot;,&quot;credit&quot;:&quot;&quot;,&quot;camera&quot;:&quot;&quot;,&quot;caption&quot;:&quot;&quot;,&quot;created_timestamp&quot;:&quot;0&quot;,&quot;copyright&quot;:&quot;&quot;,&quot;focal_length&quot;:&quot;0&quot;,&quot;iso&quot;:&quot;0&quot;,&quot;shutter_speed&quot;:&quot;0&quot;,&quot;title&quot;:&quot;&quot;,&quot;orientation&quot;:&quot;0&quot;}\" data-image-title=\"434225086_993214299045183_1819733281694148600_n\" data-image-description=\"\" data-image-caption=\"\" data-large-file=\"https:\/\/i0.wp.com\/comentandonline.com\/wp-content\/uploads\/2025\/06\/434225086_993214299045183_1819733281694148600_n.jpg?fit=1024%2C1024&amp;ssl=1\" src=\"https:\/\/i0.wp.com\/comentandonline.com\/wp-content\/uploads\/2025\/06\/434225086_993214299045183_1819733281694148600_n.jpg?resize=1600%2C1600&#038;ssl=1\" alt=\"\" class=\"wp-image-577\" style=\"object-fit:cover;width:650px;height:250px\" srcset=\"https:\/\/i0.wp.com\/comentandonline.com\/wp-content\/uploads\/2025\/06\/434225086_993214299045183_1819733281694148600_n.jpg?w=1600&amp;ssl=1 1600w, https:\/\/i0.wp.com\/comentandonline.com\/wp-content\/uploads\/2025\/06\/434225086_993214299045183_1819733281694148600_n.jpg?resize=300%2C300&amp;ssl=1 300w, https:\/\/i0.wp.com\/comentandonline.com\/wp-content\/uploads\/2025\/06\/434225086_993214299045183_1819733281694148600_n.jpg?resize=1024%2C1024&amp;ssl=1 1024w, https:\/\/i0.wp.com\/comentandonline.com\/wp-content\/uploads\/2025\/06\/434225086_993214299045183_1819733281694148600_n.jpg?resize=150%2C150&amp;ssl=1 150w, https:\/\/i0.wp.com\/comentandonline.com\/wp-content\/uploads\/2025\/06\/434225086_993214299045183_1819733281694148600_n.jpg?resize=768%2C768&amp;ssl=1 768w, https:\/\/i0.wp.com\/comentandonline.com\/wp-content\/uploads\/2025\/06\/434225086_993214299045183_1819733281694148600_n.jpg?resize=1536%2C1536&amp;ssl=1 1536w\" sizes=\"auto, (max-width: 1000px) 100vw, 1000px\" \/><\/figure>\n\n\n\n<h3 class=\"wp-block-heading has-text-align-center has-small-font-size\"><\/h3>\n<\/div>\n\n\n\n<div class=\"wp-block-column is-layout-flow wp-block-column-is-layout-flow\">\n<h3 class=\"wp-block-heading has-text-align-center has-medium-font-size\"><\/h3>\n<\/div>\n<\/div>\n<\/div>\n\n\n\n<p><\/p>\n","protected":false},"excerpt":{"rendered":"<p>Ol\u00e1!Sou Regel, natural de Paramirim &#8211; BA, graduado em Comunica\u00e7\u00e3o Social &#8211; R\u00e1dio e TV pela UNEB &#8211; CAMPUS XIV e p\u00f3s-graduado em: Marketing Digital e Assessoria e Gest\u00e3o da Comunica\u00e7\u00e3o. E, atualmente, estou concluindo outra p\u00f3s em Jornalismo Esportivo.Sou Produtor cultural pelo Cria Bahia Criativa &#8211; curso promovido pelo Laborat\u00f3rio de Economia Criativa da [&hellip;]<\/p>\n","protected":false},"author":253222392,"featured_media":0,"parent":0,"menu_order":0,"comment_status":"closed","ping_status":"closed","template":"","meta":{"advanced_seo_description":"","jetpack_seo_html_title":"","jetpack_seo_noindex":false,"footnotes":""},"class_list":["post-354","page","type-page","status-publish","hentry"],"jetpack_likes_enabled":true,"jetpack_sharing_enabled":true,"jetpack_shortlink":"https:\/\/wp.me\/Pg7Eu3-5I","jetpack-related-posts":[{"id":796,"url":"https:\/\/comentandonline.com\/?page_id=796","url_meta":{"origin":354,"position":0},"title":"An\u00e1lises f\u00edlmicas:","author":"Rede Porto Produ\u00e7\u00f5es.","date":"13 de fevereiro de 2026","format":false,"excerpt":"Nesta p\u00e1gina, voc\u00ea encontra an\u00e1lises sobre filmes, s\u00e9ries e outras produ\u00e7\u00f5es no contexto social e reflexivo de suas hist\u00f3rias. Al\u00e9m de te responder o que elas t\u00eam a ver com as nossas vidas!","rel":"","context":"Post similar","block_context":{"text":"Post similar","link":""},"img":{"alt_text":"","src":"https:\/\/i0.wp.com\/comentandonline.com\/wp-content\/uploads\/2026\/02\/Comentando.jpg?resize=350%2C200&ssl=1","width":350,"height":200,"srcset":"https:\/\/i0.wp.com\/comentandonline.com\/wp-content\/uploads\/2026\/02\/Comentando.jpg?resize=350%2C200&ssl=1 1x, https:\/\/i0.wp.com\/comentandonline.com\/wp-content\/uploads\/2026\/02\/Comentando.jpg?resize=525%2C300&ssl=1 1.5x, https:\/\/i0.wp.com\/comentandonline.com\/wp-content\/uploads\/2026\/02\/Comentando.jpg?resize=700%2C400&ssl=1 2x"},"classes":[]},{"id":829,"url":"https:\/\/comentandonline.com\/?page_id=829","url_meta":{"origin":354,"position":1},"title":"Cantinho da Saudade","author":"Rede Porto Produ\u00e7\u00f5es.","date":"9 de fevereiro de 2026","format":false,"excerpt":"Seja bem-vindo e bem-vinda ao cantinho da saudade. Aqui voc\u00ea se encontra em escritos que nos mostram como a saudade \u00e9 um dos principais sentimentos que temos. Talvez, bem talvez, ele seja o melhor dos sentimentos. Aqui voc\u00ea encontrar\u00e1 poemas e textos que refletem sobre o sentir.","rel":"","context":"Post similar","block_context":{"text":"Post similar","link":""},"img":{"alt_text":"","src":"https:\/\/i0.wp.com\/comentandonline.com\/wp-content\/uploads\/2026\/03\/PYsYc8mUT623h7GKn0-uTA%402k.webp?fit=1024%2C1024&ssl=1&resize=350%2C200","width":350,"height":200,"srcset":"https:\/\/i0.wp.com\/comentandonline.com\/wp-content\/uploads\/2026\/03\/PYsYc8mUT623h7GKn0-uTA%402k.webp?fit=1024%2C1024&ssl=1&resize=350%2C200 1x, https:\/\/i0.wp.com\/comentandonline.com\/wp-content\/uploads\/2026\/03\/PYsYc8mUT623h7GKn0-uTA%402k.webp?fit=1024%2C1024&ssl=1&resize=525%2C300 1.5x, https:\/\/i0.wp.com\/comentandonline.com\/wp-content\/uploads\/2026\/03\/PYsYc8mUT623h7GKn0-uTA%402k.webp?fit=1024%2C1024&ssl=1&resize=700%2C400 2x"},"classes":[]},{"id":479,"url":"https:\/\/comentandonline.com\/?page_id=479","url_meta":{"origin":354,"position":2},"title":"Sussurro Universit\u00e1rio:","author":"Rede Porto Produ\u00e7\u00f5es.","date":"3 de novembro de 2024","format":false,"excerpt":"Bem-vindo(a) ao 'Sussurro Universit\u00e1rio', uma iniciativa da Rede Porto Produ\u00e7\u00f5es atrav\u00e9s do portal Comentando Online cujo objetivo \u00e9 resenhar sobre os trabalhos universit\u00e1rios e contribuir para um ambiente mais colaborativo ao visibilizar o esfor\u00e7o estudantil. Al\u00e9m dessa iniciativa enriquecer o portal, tornando-o um espa\u00e7o din\u00e2mico com diversos conte\u00fados que valorizam\u2026","rel":"","context":"Post similar","block_context":{"text":"Post similar","link":""},"img":{"alt_text":"","src":"https:\/\/i0.wp.com\/comentandonline.com\/wp-content\/uploads\/2025\/06\/NA-REDACAO-6.png?resize=350%2C200&ssl=1","width":350,"height":200,"srcset":"https:\/\/i0.wp.com\/comentandonline.com\/wp-content\/uploads\/2025\/06\/NA-REDACAO-6.png?resize=350%2C200&ssl=1 1x, https:\/\/i0.wp.com\/comentandonline.com\/wp-content\/uploads\/2025\/06\/NA-REDACAO-6.png?resize=525%2C300&ssl=1 1.5x, https:\/\/i0.wp.com\/comentandonline.com\/wp-content\/uploads\/2025\/06\/NA-REDACAO-6.png?resize=700%2C400&ssl=1 2x, https:\/\/i0.wp.com\/comentandonline.com\/wp-content\/uploads\/2025\/06\/NA-REDACAO-6.png?resize=1050%2C600&ssl=1 3x"},"classes":[]},{"id":456,"url":"https:\/\/comentandonline.com\/?page_id=456","url_meta":{"origin":354,"position":3},"title":"NA REDA\u00c7\u00c3O &#8211; OS DESAFIOS ATUAIS","author":"Rede Porto Produ\u00e7\u00f5es.","date":"3 de novembro de 2024","format":false,"excerpt":"\u2018Na Reda\u00e7\u00e3o: Os Desafios Atuais\u2019 \u00e9 uma p\u00e1gina do portal Comentando Online e um podcast produzido pela Rede Porto Produ\u00e7\u00f5es que explora como a sociedade brasileira \u00e9 afetada pelo tema abordado em cada epis\u00f3dio do podcast, para o p\u00fablico se informar com qualidade e obter uma reflex\u00e3o acerca do tema\u2026","rel":"","context":"Post similar","block_context":{"text":"Post similar","link":""},"img":{"alt_text":"","src":"https:\/\/i0.wp.com\/comentandonline.com\/wp-content\/uploads\/2025\/06\/2.jpg?resize=350%2C200&ssl=1","width":350,"height":200,"srcset":"https:\/\/i0.wp.com\/comentandonline.com\/wp-content\/uploads\/2025\/06\/2.jpg?resize=350%2C200&ssl=1 1x, https:\/\/i0.wp.com\/comentandonline.com\/wp-content\/uploads\/2025\/06\/2.jpg?resize=525%2C300&ssl=1 1.5x, https:\/\/i0.wp.com\/comentandonline.com\/wp-content\/uploads\/2025\/06\/2.jpg?resize=700%2C400&ssl=1 2x, https:\/\/i0.wp.com\/comentandonline.com\/wp-content\/uploads\/2025\/06\/2.jpg?resize=1050%2C600&ssl=1 3x"},"classes":[]}],"rttpg_featured_image_url":null,"rttpg_author":{"display_name":"Rede Porto Produ\u00e7\u00f5es.","author_link":"https:\/\/comentandonline.com\/?author=253222392"},"rttpg_comment":0,"rttpg_category":null,"rttpg_excerpt":"Ol\u00e1!Sou Regel, natural de Paramirim &#8211; BA, graduado em Comunica\u00e7\u00e3o Social &#8211; R\u00e1dio e TV pela UNEB &#8211; CAMPUS XIV e p\u00f3s-graduado em: Marketing Digital e Assessoria e Gest\u00e3o da Comunica\u00e7\u00e3o. E, atualmente, estou concluindo outra p\u00f3s em Jornalismo Esportivo.Sou Produtor cultural pelo Cria Bahia Criativa &#8211; curso promovido pelo Laborat\u00f3rio de Economia Criativa da&hellip;","_links":{"self":[{"href":"https:\/\/comentandonline.com\/index.php?rest_route=\/wp\/v2\/pages\/354","targetHints":{"allow":["GET"]}}],"collection":[{"href":"https:\/\/comentandonline.com\/index.php?rest_route=\/wp\/v2\/pages"}],"about":[{"href":"https:\/\/comentandonline.com\/index.php?rest_route=\/wp\/v2\/types\/page"}],"author":[{"embeddable":true,"href":"https:\/\/comentandonline.com\/index.php?rest_route=\/wp\/v2\/users\/253222392"}],"replies":[{"embeddable":true,"href":"https:\/\/comentandonline.com\/index.php?rest_route=%2Fwp%2Fv2%2Fcomments&post=354"}],"version-history":[{"count":31,"href":"https:\/\/comentandonline.com\/index.php?rest_route=\/wp\/v2\/pages\/354\/revisions"}],"predecessor-version":[{"id":838,"href":"https:\/\/comentandonline.com\/index.php?rest_route=\/wp\/v2\/pages\/354\/revisions\/838"}],"wp:attachment":[{"href":"https:\/\/comentandonline.com\/index.php?rest_route=%2Fwp%2Fv2%2Fmedia&parent=354"}],"curies":[{"name":"wp","href":"https:\/\/api.w.org\/{rel}","templated":true}]}}